{"id":1606,"date":"2026-08-15T15:54:12","date_gmt":"2026-08-15T13:54:12","guid":{"rendered":"https:\/\/clairde-lune.ch\/?post_type=girls&#038;p=1606"},"modified":"2026-08-27T12:56:16","modified_gmt":"2026-08-27T10:56:16","slug":"kim-45-jahre-schweizerin-neu","status":"publish","type":"girls","link":"https:\/\/clairde-lune.ch\/en\/girls\/kim-45-jahre-schweizerin-neu\/","title":{"rendered":"Kim 45 Jahre - Schweizerin !!NEU!!"},"content":{"rendered":"<p class=\"has-text-color has-link-color has-large-font-size wp-elements-1 wp-block-paragraph\" style=\"color:#fcb900\"><strong>Sinnliche Elegantz<\/strong><\/p>\n\n\n\n<p class=\"wp-block-paragraph\">Entdecke die besondere Anziehungskraft einer Frau, die genau weiss, was sie will. Sinnlich, selbstbewusst und verspielt schafft sie eine Atmosph\u00e4re, in der du den Alltag schnell vergisst. Mit Feingef\u00fchl und nat\u00fcrlicher Hingabe l\u00e4sst sie N\u00e4he entstehen und geniesst das Spiel der Sinne - elegant, leidenschaftlich und voller intensiver Momente.<\/p>\n\n\n\n<figure class=\"wp-block-gallery has-nested-images columns-2 is-cropped wp-block-gallery-1 is-layout-flex wp-block-gallery-is-layout-flex\">\n<figure class=\"wp-block-image size-large\"><img loading=\"lazy\" decoding=\"async\" width=\"819\" height=\"1024\" data-id=\"1604\" src=\"https:\/\/clairde-lune.ch\/wp-content\/uploads\/2026\/08\/IMG_3481-819x1024.jpg\" alt=\"\" class=\"wp-image-1604\" srcset=\"https:\/\/clairde-lune.ch\/wp-content\/uploads\/2026\/08\/IMG_3481-819x1024.jpg 819w, https:\/\/clairde-lune.ch\/wp-content\/uploads\/2026\/08\/IMG_3481-240x300.jpg 240w, https:\/\/clairde-lune.ch\/wp-content\/uploads\/2026\/08\/IMG_3481-768x960.jpg 768w, https:\/\/clairde-lune.ch\/wp-content\/uploads\/2026\/08\/IMG_3481-1229x1536.jpg 1229w, https:\/\/clairde-lune.ch\/wp-content\/uploads\/2026\/08\/IMG_3481-1638x2048.jpg 1638w, https:\/\/clairde-lune.ch\/wp-content\/uploads\/2026\/08\/IMG_3481-10x12.jpg 10w, https:\/\/clairde-lune.ch\/wp-content\/uploads\/2026\/08\/IMG_3481-scaled.jpg 1536w\" sizes=\"auto, (max-width: 819px) 100vw, 819px\" \/><\/figure>\n\n\n\n<figure class=\"wp-block-image size-large\"><img loading=\"lazy\" decoding=\"async\" width=\"820\" height=\"1024\" data-id=\"1602\" src=\"https:\/\/clairde-lune.ch\/wp-content\/uploads\/2026\/08\/IMG_3483-820x1024.jpg\" alt=\"\" class=\"wp-image-1602\" srcset=\"https:\/\/clairde-lune.ch\/wp-content\/uploads\/2026\/08\/IMG_3483-820x1024.jpg 820w, https:\/\/clairde-lune.ch\/wp-content\/uploads\/2026\/08\/IMG_3483-240x300.jpg 240w, https:\/\/clairde-lune.ch\/wp-content\/uploads\/2026\/08\/IMG_3483-768x960.jpg 768w, https:\/\/clairde-lune.ch\/wp-content\/uploads\/2026\/08\/IMG_3483-10x12.jpg 10w, https:\/\/clairde-lune.ch\/wp-content\/uploads\/2026\/08\/IMG_3483.jpg 922w\" sizes=\"auto, (max-width: 820px) 100vw, 820px\" \/><\/figure>\n\n\n\n<figure class=\"wp-block-image size-large\"><img loading=\"lazy\" decoding=\"async\" width=\"825\" height=\"1024\" data-id=\"1601\" src=\"https:\/\/clairde-lune.ch\/wp-content\/uploads\/2026\/08\/IMG_3492-825x1024.png\" alt=\"\" class=\"wp-image-1601\" srcset=\"https:\/\/clairde-lune.ch\/wp-content\/uploads\/2026\/08\/IMG_3492-825x1024.png 825w, https:\/\/clairde-lune.ch\/wp-content\/uploads\/2026\/08\/IMG_3492-242x300.png 242w, https:\/\/clairde-lune.ch\/wp-content\/uploads\/2026\/08\/IMG_3492-768x953.png 768w, https:\/\/clairde-lune.ch\/wp-content\/uploads\/2026\/08\/IMG_3492-10x12.png 10w, https:\/\/clairde-lune.ch\/wp-content\/uploads\/2026\/08\/IMG_3492.png 928w\" sizes=\"auto, (max-width: 825px) 100vw, 825px\" \/><\/figure>\n\n\n\n<figure class=\"wp-block-image size-large\"><img loading=\"lazy\" decoding=\"async\" width=\"819\" height=\"1024\" data-id=\"1603\" src=\"https:\/\/clairde-lune.ch\/wp-content\/uploads\/2026\/08\/IMG_3482-819x1024.jpg\" alt=\"\" class=\"wp-image-1603\" srcset=\"https:\/\/clairde-lune.ch\/wp-content\/uploads\/2026\/08\/IMG_3482-819x1024.jpg 819w, https:\/\/clairde-lune.ch\/wp-content\/uploads\/2026\/08\/IMG_3482-240x300.jpg 240w, https:\/\/clairde-lune.ch\/wp-content\/uploads\/2026\/08\/IMG_3482-768x960.jpg 768w, https:\/\/clairde-lune.ch\/wp-content\/uploads\/2026\/08\/IMG_3482-1229x1536.jpg 1229w, https:\/\/clairde-lune.ch\/wp-content\/uploads\/2026\/08\/IMG_3482-1638x2048.jpg 1638w, https:\/\/clairde-lune.ch\/wp-content\/uploads\/2026\/08\/IMG_3482-10x12.jpg 10w, https:\/\/clairde-lune.ch\/wp-content\/uploads\/2026\/08\/IMG_3482-scaled.jpg 1536w\" sizes=\"auto, (max-width: 819px) 100vw, 819px\" \/><\/figure>\n<\/figure>","protected":false},"excerpt":{"rendered":"<p>Sinnliche Elegantz Entdecke die besondere Anziehungskraft einer Frau, die genau weiss, was sie will. Sinnlich, selbstbewusst und verspielt schafft sie eine Atmosph\u00e4re, in der du den Alltag schnell vergisst. Mit Feingef\u00fchl und nat\u00fcrlicher Hingabe l\u00e4sst sie N\u00e4he entstehen und geniesst das Spiel der Sinne - elegant, leidenschaftlich und voller intensiver Momente.<\/p>","protected":false},"featured_media":1604,"template":"","meta":{"_acf_changed":true},"categories":[22,26],"class_list":["post-1606","girls","type-girls","status-publish","has-post-thumbnail","hentry","category-donnerstag","category-startseite"],"acf":[],"yoast_head":"<!-- This site is optimized with the Yoast SEO plugin v28.4 - https:\/\/yoast.com\/product\/yoast-seo-wordpress\/ -->\n<title>Kim 45 Jahre - Schweizerin !!NEU!! - Clair de Lune<\/title>\n<meta name=\"robots\" content=\"index, follow, max-snippet:-1, max-image-preview:large, max-video-preview:-1\" \/>\n<link rel=\"canonical\" href=\"https:\/\/clairde-lune.ch\/en\/girls\/kim-45-jahre-schweizerin-neu\/\" \/>\n<meta property=\"og:locale\" content=\"en_GB\" \/>\n<meta property=\"og:type\" content=\"article\" \/>\n<meta property=\"og:title\" content=\"Kim 45 Jahre - Schweizerin !!NEU!! - Clair de Lune\" \/>\n<meta property=\"og:description\" content=\"Sinnliche Elegantz Entdecke die besondere Anziehungskraft einer Frau, die genau weiss, was sie will. Sinnlich, selbstbewusst und verspielt schafft sie eine Atmosph\u00e4re, in der du den Alltag schnell vergisst. Mit Feingef\u00fchl und nat\u00fcrlicher Hingabe l\u00e4sst sie N\u00e4he entstehen und geniesst das Spiel der Sinne - elegant, leidenschaftlich und voller intensiver Momente.\" \/>\n<meta property=\"og:url\" content=\"https:\/\/clairde-lune.ch\/en\/girls\/kim-45-jahre-schweizerin-neu\/\" \/>\n<meta property=\"og:site_name\" content=\"Clair de Lune\" \/>\n<meta property=\"article:modified_time\" content=\"2026-08-27T10:56:16+00:00\" \/>\n<meta property=\"og:image\" content=\"https:\/\/clairde-lune.ch\/wp-content\/uploads\/2026\/08\/IMG_3481-scaled.jpg\" \/>\n\t<meta property=\"og:image:width\" content=\"1536\" \/>\n\t<meta property=\"og:image:height\" content=\"1920\" \/>\n\t<meta property=\"og:image:type\" content=\"image\/jpeg\" \/>\n<meta name=\"twitter:card\" content=\"summary_large_image\" \/>\n<meta name=\"twitter:label1\" content=\"Estimated reading time\" \/>\n\t<meta name=\"twitter:data1\" content=\"2 minutes\" \/>\n<script type=\"application\/ld+json\" class=\"yoast-schema-graph\">{\"@context\":\"https:\\\/\\\/schema.org\",\"@graph\":[{\"@type\":\"WebPage\",\"@id\":\"https:\\\/\\\/clairde-lune.ch\\\/girls\\\/kim-45-jahre-schweizerin-neu\\\/\",\"url\":\"https:\\\/\\\/clairde-lune.ch\\\/girls\\\/kim-45-jahre-schweizerin-neu\\\/\",\"name\":\"Kim 45 Jahre - Schweizerin !!NEU!! - Clair de Lune\",\"isPartOf\":{\"@id\":\"https:\\\/\\\/clairde-lune.ch\\\/#website\"},\"primaryImageOfPage\":{\"@id\":\"https:\\\/\\\/clairde-lune.ch\\\/girls\\\/kim-45-jahre-schweizerin-neu\\\/#primaryimage\"},\"image\":{\"@id\":\"https:\\\/\\\/clairde-lune.ch\\\/girls\\\/kim-45-jahre-schweizerin-neu\\\/#primaryimage\"},\"thumbnailUrl\":\"https:\\\/\\\/clairde-lune.ch\\\/wp-content\\\/uploads\\\/2026\\\/08\\\/IMG_3481-scaled.jpg\",\"datePublished\":\"2026-08-15T13:54:12+00:00\",\"dateModified\":\"2026-08-27T10:56:16+00:00\",\"breadcrumb\":{\"@id\":\"https:\\\/\\\/clairde-lune.ch\\\/girls\\\/kim-45-jahre-schweizerin-neu\\\/#breadcrumb\"},\"inLanguage\":\"en-GB\",\"potentialAction\":[{\"@type\":\"ReadAction\",\"target\":[\"https:\\\/\\\/clairde-lune.ch\\\/girls\\\/kim-45-jahre-schweizerin-neu\\\/\"]}]},{\"@type\":\"ImageObject\",\"inLanguage\":\"en-GB\",\"@id\":\"https:\\\/\\\/clairde-lune.ch\\\/girls\\\/kim-45-jahre-schweizerin-neu\\\/#primaryimage\",\"url\":\"https:\\\/\\\/clairde-lune.ch\\\/wp-content\\\/uploads\\\/2026\\\/08\\\/IMG_3481-scaled.jpg\",\"contentUrl\":\"https:\\\/\\\/clairde-lune.ch\\\/wp-content\\\/uploads\\\/2026\\\/08\\\/IMG_3481-scaled.jpg\",\"width\":1536,\"height\":1920},{\"@type\":\"BreadcrumbList\",\"@id\":\"https:\\\/\\\/clairde-lune.ch\\\/girls\\\/kim-45-jahre-schweizerin-neu\\\/#breadcrumb\",\"itemListElement\":[{\"@type\":\"ListItem\",\"position\":1,\"name\":\"Startseite\",\"item\":\"https:\\\/\\\/clairde-lune.ch\\\/\"},{\"@type\":\"ListItem\",\"position\":2,\"name\":\"Girls\",\"item\":\"https:\\\/\\\/clairdelune.web-butler.ch\\\/girls\\\/\"},{\"@type\":\"ListItem\",\"position\":3,\"name\":\"Kim 45 Jahre - Schweizerin !!NEU!!\"}]},{\"@type\":\"WebSite\",\"@id\":\"https:\\\/\\\/clairde-lune.ch\\\/#website\",\"url\":\"https:\\\/\\\/clairde-lune.ch\\\/\",\"name\":\"Clair de Lune\",\"description\":\"\",\"publisher\":{\"@id\":\"https:\\\/\\\/clairde-lune.ch\\\/#organization\"},\"potentialAction\":[{\"@type\":\"SearchAction\",\"target\":{\"@type\":\"EntryPoint\",\"urlTemplate\":\"https:\\\/\\\/clairde-lune.ch\\\/?s={search_term_string}\"},\"query-input\":{\"@type\":\"PropertyValueSpecification\",\"valueRequired\":true,\"valueName\":\"search_term_string\"}}],\"inLanguage\":\"en-GB\"},{\"@type\":\"Organization\",\"@id\":\"https:\\\/\\\/clairde-lune.ch\\\/#organization\",\"name\":\"Clair de Lune\",\"url\":\"https:\\\/\\\/clairde-lune.ch\\\/\",\"logo\":{\"@type\":\"ImageObject\",\"inLanguage\":\"en-GB\",\"@id\":\"https:\\\/\\\/clairde-lune.ch\\\/#\\\/schema\\\/logo\\\/image\\\/\",\"url\":\"https:\\\/\\\/clairde-lune.ch\\\/wp-content\\\/uploads\\\/2023\\\/01\\\/cropped-Clair-de-Lune_Logo.png\",\"contentUrl\":\"https:\\\/\\\/clairde-lune.ch\\\/wp-content\\\/uploads\\\/2023\\\/01\\\/cropped-Clair-de-Lune_Logo.png\",\"width\":512,\"height\":512,\"caption\":\"Clair de Lune\"},\"image\":{\"@id\":\"https:\\\/\\\/clairde-lune.ch\\\/#\\\/schema\\\/logo\\\/image\\\/\"}}]}<\/script>\n<!-- \/ Yoast SEO plugin. -->","yoast_head_json":{"title":"Kim 45 Jahre - Schweizerin !!NEU!! - Clair de Lune","robots":{"index":"index","follow":"follow","max-snippet":"max-snippet:-1","max-image-preview":"max-image-preview:large","max-video-preview":"max-video-preview:-1"},"canonical":"https:\/\/clairde-lune.ch\/en\/girls\/kim-45-jahre-schweizerin-neu\/","og_locale":"en_GB","og_type":"article","og_title":"Kim 45 Jahre - Schweizerin !!NEU!! - Clair de Lune","og_description":"Sinnliche Elegantz Entdecke die besondere Anziehungskraft einer Frau, die genau weiss, was sie will. Sinnlich, selbstbewusst und verspielt schafft sie eine Atmosph\u00e4re, in der du den Alltag schnell vergisst. Mit Feingef\u00fchl und nat\u00fcrlicher Hingabe l\u00e4sst sie N\u00e4he entstehen und geniesst das Spiel der Sinne - elegant, leidenschaftlich und voller intensiver Momente.","og_url":"https:\/\/clairde-lune.ch\/en\/girls\/kim-45-jahre-schweizerin-neu\/","og_site_name":"Clair de Lune","article_modified_time":"2026-08-27T10:56:16+00:00","og_image":[{"width":1536,"height":1920,"url":"https:\/\/clairde-lune.ch\/wp-content\/uploads\/2026\/08\/IMG_3481-scaled.jpg","type":"image\/jpeg"}],"twitter_card":"summary_large_image","twitter_misc":{"Estimated reading time":"2 minutes"},"schema":{"@context":"https:\/\/schema.org","@graph":[{"@type":"WebPage","@id":"https:\/\/clairde-lune.ch\/girls\/kim-45-jahre-schweizerin-neu\/","url":"https:\/\/clairde-lune.ch\/girls\/kim-45-jahre-schweizerin-neu\/","name":"Kim 45 Jahre - Schweizerin !!NEU!! - Clair de Lune","isPartOf":{"@id":"https:\/\/clairde-lune.ch\/#website"},"primaryImageOfPage":{"@id":"https:\/\/clairde-lune.ch\/girls\/kim-45-jahre-schweizerin-neu\/#primaryimage"},"image":{"@id":"https:\/\/clairde-lune.ch\/girls\/kim-45-jahre-schweizerin-neu\/#primaryimage"},"thumbnailUrl":"https:\/\/clairde-lune.ch\/wp-content\/uploads\/2026\/08\/IMG_3481-scaled.jpg","datePublished":"2026-08-15T13:54:12+00:00","dateModified":"2026-08-27T10:56:16+00:00","breadcrumb":{"@id":"https:\/\/clairde-lune.ch\/girls\/kim-45-jahre-schweizerin-neu\/#breadcrumb"},"inLanguage":"en-GB","potentialAction":[{"@type":"ReadAction","target":["https:\/\/clairde-lune.ch\/girls\/kim-45-jahre-schweizerin-neu\/"]}]},{"@type":"ImageObject","inLanguage":"en-GB","@id":"https:\/\/clairde-lune.ch\/girls\/kim-45-jahre-schweizerin-neu\/#primaryimage","url":"https:\/\/clairde-lune.ch\/wp-content\/uploads\/2026\/08\/IMG_3481-scaled.jpg","contentUrl":"https:\/\/clairde-lune.ch\/wp-content\/uploads\/2026\/08\/IMG_3481-scaled.jpg","width":1536,"height":1920},{"@type":"BreadcrumbList","@id":"https:\/\/clairde-lune.ch\/girls\/kim-45-jahre-schweizerin-neu\/#breadcrumb","itemListElement":[{"@type":"ListItem","position":1,"name":"Startseite","item":"https:\/\/clairde-lune.ch\/"},{"@type":"ListItem","position":2,"name":"Girls","item":"https:\/\/clairdelune.web-butler.ch\/girls\/"},{"@type":"ListItem","position":3,"name":"Kim 45 Jahre - Schweizerin !!NEU!!"}]},{"@type":"WebSite","@id":"https:\/\/clairde-lune.ch\/#website","url":"https:\/\/clairde-lune.ch\/","name":"Clair de Lune","description":"","publisher":{"@id":"https:\/\/clairde-lune.ch\/#organization"},"potentialAction":[{"@type":"SearchAction","target":{"@type":"EntryPoint","urlTemplate":"https:\/\/clairde-lune.ch\/?s={search_term_string}"},"query-input":{"@type":"PropertyValueSpecification","valueRequired":true,"valueName":"search_term_string"}}],"inLanguage":"en-GB"},{"@type":"Organization","@id":"https:\/\/clairde-lune.ch\/#organization","name":"Clair de Lune","url":"https:\/\/clairde-lune.ch\/","logo":{"@type":"ImageObject","inLanguage":"en-GB","@id":"https:\/\/clairde-lune.ch\/#\/schema\/logo\/image\/","url":"https:\/\/clairde-lune.ch\/wp-content\/uploads\/2023\/01\/cropped-Clair-de-Lune_Logo.png","contentUrl":"https:\/\/clairde-lune.ch\/wp-content\/uploads\/2023\/01\/cropped-Clair-de-Lune_Logo.png","width":512,"height":512,"caption":"Clair de Lune"},"image":{"@id":"https:\/\/clairde-lune.ch\/#\/schema\/logo\/image\/"}}]}},"_links":{"self":[{"href":"https:\/\/clairde-lune.ch\/en\/wp-json\/wp\/v2\/girls\/1606","targetHints":{"allow":["GET"]}}],"collection":[{"href":"https:\/\/clairde-lune.ch\/en\/wp-json\/wp\/v2\/girls"}],"about":[{"href":"https:\/\/clairde-lune.ch\/en\/wp-json\/wp\/v2\/types\/girls"}],"wp:featuredmedia":[{"embeddable":true,"href":"https:\/\/clairde-lune.ch\/en\/wp-json\/wp\/v2\/media\/1604"}],"wp:attachment":[{"href":"https:\/\/clairde-lune.ch\/en\/wp-json\/wp\/v2\/media?parent=1606"}],"wp:term":[{"taxonomy":"category","embeddable":true,"href":"https:\/\/clairde-lune.ch\/en\/wp-json\/wp\/v2\/categories?post=1606"}],"curies":[{"name":"wp","href":"https:\/\/api.w.org\/{rel}","templated":true}]}}